{"id":11,"date":"2022-07-28T09:19:01","date_gmt":"2022-07-28T12:19:01","guid":{"rendered":"https:\/\/femasantarosa.edu.br\/revista\/?page_id=11"},"modified":"2025-01-09T14:07:04","modified_gmt":"2025-01-09T17:07:04","slug":"blog","status":"publish","type":"page","link":"https:\/\/femasantarosa.edu.br\/revista\/index.php\/blog\/","title":{"rendered":"EDI\u00c7\u00c3O ATUAL"},"content":{"rendered":"\n<figure class=\"wp-block-image size-full\"><img loading=\"lazy\" width=\"509\" height=\"734\" src=\"https:\/\/femasantarosa.edu.br\/revista\/wp-content\/uploads\/2025\/01\/revista_interdisciplinar_2024.jpg\" alt=\"\" class=\"wp-image-239\" srcset=\"https:\/\/femasantarosa.edu.br\/revista\/wp-content\/uploads\/2025\/01\/revista_interdisciplinar_2024.jpg 509w, https:\/\/femasantarosa.edu.br\/revista\/wp-content\/uploads\/2025\/01\/revista_interdisciplinar_2024-208x300.jpg 208w\" sizes=\"(max-width: 509px) 100vw, 509px\" \/><\/figure>\n\n\n\n<p><\/p>\n\n\n\n<p>As Faculdades Integradas Machado de Assis apresentam a Revista Cient\u00edfica Interdisciplinar, vinculada ao N\u00facleo de Pesquisa, P\u00f3s-Gradua\u00e7\u00e3o e Extens\u00e3o \u2013 NPPGE. A presente revista apresenta sete artigos cient\u00edficos aprovados, aprovados pelo Corpo Editorial, composto pelo N\u00facleo Docente Estruturante do Curso de Administra\u00e7\u00e3o, Ci\u00eancias Cont\u00e1beis, Direito e Enfermagem. Os artigos cient\u00edficos publicados, acerca de temas relacionados \u00e0s Ci\u00eancias Sociais Aplicadas, Ci\u00eancias Humanas e Sa\u00fade orientados por professores da \u00e1rea, fortalecem a efetiva produ\u00e7\u00e3o cient\u00edfica dos acad\u00eamicos da FEMA. Dessa maneira, a Revista Cient\u00edfica Interdisciplinar materializa a intertextualidade e a interdisciplinaridade, privilegiando o desenvolvimento regional sustent\u00e1vel, a educa\u00e7\u00e3o e as pol\u00edticas sociais, a gest\u00e3o e o desenvolvimento de pessoas, a gest\u00e3o e o desenvolvimento de organiza\u00e7\u00f5es, al\u00e9m da gest\u00e3o da tecnologia da informa\u00e7\u00e3o e da inova\u00e7\u00e3o tecnol\u00f3gica.<\/p>\n\n\n\n<p>Volume dispon\u00edvel ?  <\/p>\n\n\n\n<div class=\"wp-block-file\"><object class=\"wp-block-file__embed\" data=\"https:\/\/femasantarosa.edu.br\/revista\/wp-content\/uploads\/2025\/01\/Revista-Interdisciplinar-2024.pdf\" type=\"application\/pdf\" style=\"width:100%;height:600px\" aria-label=\"Incorporado de Revista-Interdisciplinar-2024.\"><\/object><a id=\"wp-block-file--media-a0db4707-1753-4140-92f6-b277a6a66225\" href=\"https:\/\/femasantarosa.edu.br\/revista\/wp-content\/uploads\/2025\/01\/Revista-Interdisciplinar-2024.pdf\">Revista-Interdisciplinar-2024<\/a><a href=\"https:\/\/femasantarosa.edu.br\/revista\/wp-content\/uploads\/2025\/01\/Revista-Interdisciplinar-2024.pdf\" class=\"wp-block-file__button\" download aria-describedby=\"wp-block-file--media-a0db4707-1753-4140-92f6-b277a6a66225\">Baixar<\/a><\/div>\n\n\n\n<div class=\"wp-block-media-text alignwide is-stacked-on-mobile\"><figure class=\"wp-block-media-text__media\"><\/figure><div class=\"wp-block-media-text__content\">\n<p><\/p>\n<\/div><\/div>\n\n\n\n<div class=\"wp-block-media-text alignwide is-stacked-on-mobile\"><figure class=\"wp-block-media-text__media\"><\/figure><div class=\"wp-block-media-text__content\">\n<p><\/p>\n<\/div><\/div>\n","protected":false},"excerpt":{"rendered":"<p>As Faculdades Integradas Machado de Assis apresentam a Revista Cient\u00edfica Interdisciplinar, vinculada ao N\u00facleo de Pesquisa, P\u00f3s-Gradua\u00e7\u00e3o e Extens\u00e3o \u2013 NPPGE. A presente revista apresenta sete artigos cient\u00edficos aprovados, aprovados pelo Corpo Editorial, composto pelo N\u00facleo Docente Estruturante do Curso de Administra\u00e7\u00e3o, Ci\u00eancias Cont\u00e1beis, Direito e Enfermagem. Os artigos cient\u00edficos publicados, acerca de temas relacionados [&hellip;]<\/p>\n","protected":false},"author":1,"featured_media":0,"parent":0,"menu_order":0,"comment_status":"closed","ping_status":"closed","template":"","meta":[],"_links":{"self":[{"href":"https:\/\/femasantarosa.edu.br\/revista\/index.php\/wp-json\/wp\/v2\/pages\/11"}],"collection":[{"href":"https:\/\/femasantarosa.edu.br\/revista\/index.php\/wp-json\/wp\/v2\/pages"}],"about":[{"href":"https:\/\/femasantarosa.edu.br\/revista\/index.php\/wp-json\/wp\/v2\/types\/page"}],"author":[{"embeddable":true,"href":"https:\/\/femasantarosa.edu.br\/revista\/index.php\/wp-json\/wp\/v2\/users\/1"}],"replies":[{"embeddable":true,"href":"https:\/\/femasantarosa.edu.br\/revista\/index.php\/wp-json\/wp\/v2\/comments?post=11"}],"version-history":[{"count":21,"href":"https:\/\/femasantarosa.edu.br\/revista\/index.php\/wp-json\/wp\/v2\/pages\/11\/revisions"}],"predecessor-version":[{"id":241,"href":"https:\/\/femasantarosa.edu.br\/revista\/index.php\/wp-json\/wp\/v2\/pages\/11\/revisions\/241"}],"wp:attachment":[{"href":"https:\/\/femasantarosa.edu.br\/revista\/index.php\/wp-json\/wp\/v2\/media?parent=11"}],"curies":[{"name":"wp","href":"https:\/\/api.w.org\/{rel}","templated":true}]}}